{"id":451,"date":"2024-02-03T17:51:41","date_gmt":"2024-02-03T16:51:41","guid":{"rendered":"https:\/\/mariaelviragz.com\/?page_id=451"},"modified":"2024-02-14T02:24:04","modified_gmt":"2024-02-14T01:24:04","slug":"podcast","status":"publish","type":"page","link":"https:\/\/mariaelviragz.com\/index.php\/podcast\/","title":{"rendered":"Mis Podcast"},"content":{"rendered":"\t\t<div data-elementor-type=\"wp-page\" data-elementor-id=\"451\" class=\"elementor elementor-451\" data-elementor-post-type=\"page\">\n\t\t\t\t\t\t<section class=\"elementor-section elementor-top-section elementor-element elementor-element-539d471 elementor-section-height-min-height elementor-section-boxed elementor-section-height-default elementor-section-items-middle\" data-id=\"539d471\" data-element_type=\"section\" data-e-type=\"section\" data-settings=\"{&quot;background_background&quot;:&quot;classic&quot;,&quot;background_motion_fx_motion_fx_scrolling&quot;:&quot;yes&quot;,&quot;background_motion_fx_devices&quot;:[&quot;desktop&quot;,&quot;tablet&quot;,&quot;mobile&quot;]}\">\n\t\t\t\t\t\t\t<div class=\"elementor-background-overlay\"><\/div>\n\t\t\t\t\t\t\t<div class=\"elementor-container elementor-column-gap-default\">\n\t\t\t\t\t<div class=\"elementor-column elementor-col-100 elementor-top-column elementor-element elementor-element-af22109\" data-id=\"af22109\" data-element_type=\"column\" data-e-type=\"column\">\n\t\t\t<div class=\"elementor-widget-wrap elementor-element-populated\">\n\t\t\t\t\t\t<div class=\"elementor-element elementor-element-0e8a13e elementor-widget elementor-widget-heading\" data-id=\"0e8a13e\" data-element_type=\"widget\" data-e-type=\"widget\" data-widget_type=\"heading.default\">\n\t\t\t\t<div class=\"elementor-widget-container\">\n\t\t\t\t\t<h4 class=\"elementor-heading-title elementor-size-default\">Podcast<\/h4>\t\t\t\t<\/div>\n\t\t\t\t<\/div>\n\t\t\t\t<div class=\"elementor-element elementor-element-56875de elementor-widget elementor-widget-heading\" data-id=\"56875de\" data-element_type=\"widget\" data-e-type=\"widget\" data-widget_type=\"heading.default\">\n\t\t\t\t<div class=\"elementor-widget-container\">\n\t\t\t\t\t<h3 class=\"elementor-heading-title elementor-size-default\">Mar\u00eda Elvira Garc\u00eda Zuleta<\/h3>\t\t\t\t<\/div>\n\t\t\t\t<\/div>\n\t\t\t\t\t<\/div>\n\t\t<\/div>\n\t\t\t\t\t<\/div>\n\t\t<\/section>\n\t\t<div class=\"elementor-element elementor-element-d7ebaae e-flex e-con-boxed e-con e-parent\" data-id=\"d7ebaae\" data-element_type=\"container\" data-e-type=\"container\" data-settings=\"{&quot;background_background&quot;:&quot;classic&quot;}\">\n\t\t\t\t\t<div class=\"e-con-inner\">\n\t\t\t\t<div class=\"elementor-element elementor-element-a118e02 elementor-widget elementor-widget-sidebar\" data-id=\"a118e02\" data-element_type=\"widget\" data-e-type=\"widget\" data-widget_type=\"sidebar.default\">\n\t\t\t\t<div class=\"elementor-widget-container\">\n\t\t\t\t\t<section id=\"block-8\" class=\"widget widget_block\">\n<div class=\"wp-block-columns is-layout-flex wp-container-core-columns-is-layout-9d6595d7 wp-block-columns-is-layout-flex\">\n<div class=\"wp-block-column is-layout-flow wp-block-column-is-layout-flow\" style=\"flex-basis:100%\">\t\t\t<style type=\"text\/css\"><\/style>\n\t\t\t<div id=\"pp-podcast-210\" class=\"pp-podcast has-header header-hidden has-featured playerview media-audio\"  data-teaser=\"\" data-elength=\"18\" data-eunit=\"\" data-ppsdata=\"{&quot;ppe-210-1&quot;:{&quot;title&quot;:&quot;Caf\\u00e9 y poes\\u00eda #37: \\u00bfqu\\u00e9 es la esperanza?&quot;,&quot;description&quot;:&quot;&lt;p&gt;Sea lo que sea la esperanza se parece mucho al amor.&lt;\\\/p&gt;\\n&quot;,&quot;author&quot;:&quot;Mar\\u00eda Elvira Garc\\u00eda Zuleta&quot;,&quot;date&quot;:&quot;23 de agosto de 2024&quot;,&quot;link&quot;:&quot;https:\\\/\\\/podcasters.spotify.com\\\/pod\\\/show\\\/mariaelviragz\\\/episodes\\\/Caf-y-poesa-37-qu-es-la-esperanza-e2nh1mv&quot;,&quot;src&quot;:&quot;https:\\\/\\\/anchor.fm\\\/s\\\/f1a3eef8\\\/podcast\\\/play\\\/90784927\\\/https%3A%2F%2Fd3ctxlq1ktw2nl.cloudfront.net%2Fstaging%2F2024-7-23%2F385202180-44100-2-c55d223c1bdd7.m4a&quot;,&quot;featured&quot;:&quot;https:\\\/\\\/d3t3ozftmdmh3i.cloudfront.net\\\/production\\\/podcast_uploaded_nologo\\\/40440526\\\/40440526-1720273155387-d1fe51b0c1c57.jpg&quot;,&quot;featured_id&quot;:0,&quot;mediatype&quot;:&quot;audio&quot;,&quot;season&quot;:1,&quot;categories&quot;:[],&quot;duration&quot;:&quot;00:58&quot;,&quot;episodetype&quot;:&quot;full&quot;,&quot;timestamp&quot;:1724393291,&quot;key&quot;:&quot;d2196d935d36fb1df74f2e7fb88b2b53&quot;,&quot;fset&quot;:&quot;&quot;,&quot;fratio&quot;:1},&quot;ppe-210-2&quot;:{&quot;title&quot;:&quot;Caf\\u00e9 y poes\\u00eda #36: Un d\\u00eda ya no estamos&quot;,&quot;description&quot;:&quot;&lt;p&gt;Un d\\u00eda ya no estamos. &lt;\\\/p&gt;\\n&quot;,&quot;author&quot;:&quot;Mar\\u00eda Elvira Garc\\u00eda Zuleta&quot;,&quot;date&quot;:&quot;4 de agosto de 2024&quot;,&quot;link&quot;:&quot;https:\\\/\\\/podcasters.spotify.com\\\/pod\\\/show\\\/mariaelviragz\\\/episodes\\\/Caf-y-poesa-36-Un-da-ya-no-estamos-e2mqce5&quot;,&quot;src&quot;:&quot;https:\\\/\\\/anchor.fm\\\/s\\\/f1a3eef8\\\/podcast\\\/play\\\/90042245\\\/https%3A%2F%2Fd3ctxlq1ktw2nl.cloudfront.net%2Fstaging%2F2024-7-4%2F384287728-44100-2-8ef308d5573c1.m4a&quot;,&quot;featured&quot;:&quot;https:\\\/\\\/d3t3ozftmdmh3i.cloudfront.net\\\/production\\\/podcast_uploaded_nologo\\\/40440526\\\/40440526-1720273155387-d1fe51b0c1c57.jpg&quot;,&quot;featured_id&quot;:0,&quot;mediatype&quot;:&quot;audio&quot;,&quot;season&quot;:1,&quot;categories&quot;:[],&quot;duration&quot;:&quot;03:16&quot;,&quot;episodetype&quot;:&quot;full&quot;,&quot;timestamp&quot;:1722793368,&quot;key&quot;:&quot;b5d0be7a32a43fec7ad676042fba3bf4&quot;,&quot;fset&quot;:&quot;&quot;,&quot;fratio&quot;:1},&quot;ppe-210-3&quot;:{&quot;title&quot;:&quot;Caf\\u00e9 y poes\\u00eda #35: Me dorm\\u00ed un momento&quot;,&quot;description&quot;:&quot;&lt;p&gt;Me dorm\\u00ed un momento y pasaron 7 d\\u00edas, &lt;\\\/p&gt;\\n&lt;p&gt;am\\u00e9 porque quise amar la vida vos. &lt;\\\/p&gt;\\n&quot;,&quot;author&quot;:&quot;Mar\\u00eda Elvira Garc\\u00eda Zuleta&quot;,&quot;date&quot;:&quot;4 de agosto de 2024&quot;,&quot;link&quot;:&quot;https:\\\/\\\/podcasters.spotify.com\\\/pod\\\/show\\\/mariaelviragz\\\/episodes\\\/Caf-y-poesa-35-Me-dorm-un-momento-e2mq75i&quot;,&quot;src&quot;:&quot;https:\\\/\\\/anchor.fm\\\/s\\\/f1a3eef8\\\/podcast\\\/play\\\/90036850\\\/https%3A%2F%2Fd3ctxlq1ktw2nl.cloudfront.net%2Fstaging%2F2024-7-4%2F384281206-44100-2-9f7b8876fd9fa.m4a&quot;,&quot;featured&quot;:&quot;https:\\\/\\\/d3t3ozftmdmh3i.cloudfront.net\\\/production\\\/podcast_uploaded_nologo\\\/40440526\\\/40440526-1720273155387-d1fe51b0c1c57.jpg&quot;,&quot;featured_id&quot;:0,&quot;mediatype&quot;:&quot;audio&quot;,&quot;season&quot;:1,&quot;categories&quot;:[],&quot;duration&quot;:&quot;01:01&quot;,&quot;episodetype&quot;:&quot;full&quot;,&quot;timestamp&quot;:1722782483,&quot;key&quot;:&quot;f5934803abcd90690bbeb6e1c9d2d378&quot;,&quot;fset&quot;:&quot;&quot;,&quot;fratio&quot;:1},&quot;ppe-210-4&quot;:{&quot;title&quot;:&quot;Caf\\u00e9 y poes\\u00eda # 34: Tu juego me alej\\u00f3&quot;,&quot;description&quot;:&quot;&lt;p&gt;Adi\\u00f3s, lo siento por ti. Siempre supe tu juego, pero tuve amor y entendimiento.&lt;\\\/p&gt;\\n&quot;,&quot;author&quot;:&quot;Mar\\u00eda Elvira Garc\\u00eda Zuleta&quot;,&quot;date&quot;:&quot;5 de julio de 2024&quot;,&quot;link&quot;:&quot;https:\\\/\\\/podcasters.spotify.com\\\/pod\\\/show\\\/mariaelviragz\\\/episodes\\\/Caf-y-poesa--34-Tu-juego-me-alej-e2lmvor&quot;,&quot;src&quot;:&quot;https:\\\/\\\/anchor.fm\\\/s\\\/f1a3eef8\\\/podcast\\\/play\\\/88882395\\\/https%3A%2F%2Fd3ctxlq1ktw2nl.cloudfront.net%2Fstaging%2F2024-6-5%2F382536975-44100-2-dba56c6dd3c67.m4a&quot;,&quot;featured&quot;:&quot;https:\\\/\\\/d3t3ozftmdmh3i.cloudfront.net\\\/production\\\/podcast_uploaded_episode\\\/40440526\\\/40440526-1720218398754-b85ce5fbdd0d3.jpg&quot;,&quot;featured_id&quot;:0,&quot;mediatype&quot;:&quot;audio&quot;,&quot;season&quot;:1,&quot;categories&quot;:[],&quot;duration&quot;:&quot;01:25&quot;,&quot;episodetype&quot;:&quot;full&quot;,&quot;timestamp&quot;:1720218402,&quot;key&quot;:&quot;8f118064bded18d6ed287500820a3eac&quot;,&quot;fset&quot;:&quot;&quot;,&quot;fratio&quot;:1},&quot;ppe-210-5&quot;:{&quot;title&quot;:&quot;Caf\\u00e9 y poes\\u00eda #33. Ausente&quot;,&quot;description&quot;:&quot;&lt;p&gt;A Camila gracias por contarme su historia, con una frase contundente y lo que realmente importa, que marca el final feliz de este poema \\u201che vuelto a mi\\u201d, afirma Camila. Un abrazo.&lt;\\\/p&gt;\\n&quot;,&quot;author&quot;:&quot;Mar\\u00eda Elvira Garc\\u00eda Zuleta&quot;,&quot;date&quot;:&quot;26 de junio de 2024&quot;,&quot;link&quot;:&quot;https:\\\/\\\/podcasters.spotify.com\\\/pod\\\/show\\\/mariaelviragz\\\/episodes\\\/Caf-y-poesa-33--Ausente-e2lamob&quot;,&quot;src&quot;:&quot;https:\\\/\\\/anchor.fm\\\/s\\\/f1a3eef8\\\/podcast\\\/play\\\/88479947\\\/https%3A%2F%2Fd3ctxlq1ktw2nl.cloudfront.net%2Fstaging%2F2024-5-26%2F381689513-44100-2-a7c0028a2a80e.m4a&quot;,&quot;featured&quot;:&quot;https:\\\/\\\/d3t3ozftmdmh3i.cloudfront.net\\\/production\\\/podcast_uploaded_episode\\\/40440526\\\/40440526-1719378512549-a6367a542180c.jpg&quot;,&quot;featured_id&quot;:0,&quot;mediatype&quot;:&quot;audio&quot;,&quot;season&quot;:1,&quot;categories&quot;:[],&quot;duration&quot;:&quot;02:16&quot;,&quot;episodetype&quot;:&quot;full&quot;,&quot;timestamp&quot;:1719378551,&quot;key&quot;:&quot;5df844e28fefc1b3c19c050440b5e18c&quot;,&quot;fset&quot;:&quot;&quot;,&quot;fratio&quot;:1},&quot;ppe-210-6&quot;:{&quot;title&quot;:&quot;Caf\\u00e9 y poes\\u00eda #32. Atardecer azul&quot;,&quot;description&quot;:&quot;&lt;p&gt;Hay que elegir como te vas de un lugar. El dolor no se paga con dolor, ni la ausencia con miedo, ni la impotencia con gritos. Hay que irse sin tiroteos, sin ruido para el otro, dejando ser lo que ha elegido. Si me miraras por las razones que elegiste para decirme adi\\u00f3s, es un enga\\u00f1o para ti mismo, pues quiz\\u00e1s elegiste irte por los motivos equivocados. &lt;\\\/p&gt;\\n&lt;p&gt;Me ir\\u00e9 con el amor del mar. Hay que saber c\\u00f3mo irse, como se va un atardecer; con esa misma hermosura, con esa misma esperanza.&lt;\\\/p&gt;\\n&quot;,&quot;author&quot;:&quot;Mar\\u00eda Elvira Garc\\u00eda Zuleta&quot;,&quot;date&quot;:&quot;18 de junio de 2024&quot;,&quot;link&quot;:&quot;https:\\\/\\\/podcasters.spotify.com\\\/pod\\\/show\\\/mariaelviragz\\\/episodes\\\/Caf-y-poesa-32--Atardecer-azul-e2l1f4i&quot;,&quot;src&quot;:&quot;https:\\\/\\\/anchor.fm\\\/s\\\/f1a3eef8\\\/podcast\\\/play\\\/88177234\\\/https%3A%2F%2Fd3ctxlq1ktw2nl.cloudfront.net%2Fstaging%2F2024-5-18%2F381019848-44100-2-5b056a1a843ac.m4a&quot;,&quot;featured&quot;:&quot;https:\\\/\\\/d3t3ozftmdmh3i.cloudfront.net\\\/production\\\/podcast_uploaded_episode\\\/40440526\\\/40440526-1718737184796-db306a7200284.jpg&quot;,&quot;featured_id&quot;:0,&quot;mediatype&quot;:&quot;audio&quot;,&quot;season&quot;:1,&quot;categories&quot;:[],&quot;duration&quot;:&quot;01:48&quot;,&quot;episodetype&quot;:&quot;full&quot;,&quot;timestamp&quot;:1718737194,&quot;key&quot;:&quot;4a9ed5b80592ceb858de1eac98c15a86&quot;,&quot;fset&quot;:&quot;&quot;,&quot;fratio&quot;:1},&quot;ppe-210-7&quot;:{&quot;title&quot;:&quot;Caf\\u00e9 y poes\\u00eda # 31: Quemarropa a la esperanza&quot;,&quot;description&quot;:&quot;&lt;p&gt;Tengo un sue\\u00f1o. Poema del libro historias de memorias recordadas p\\u00e1gina 262, poema 29: Todo lo opuesto al amor agota.&lt;\\\/p&gt;\\n&quot;,&quot;author&quot;:&quot;Mar\\u00eda Elvira Garc\\u00eda Zuleta&quot;,&quot;date&quot;:&quot;10 de junio de 2024&quot;,&quot;link&quot;:&quot;https:\\\/\\\/podcasters.spotify.com\\\/pod\\\/show\\\/mariaelviragz\\\/episodes\\\/Caf-y-poesa--31-Quemarropa-a-la-esperanza-e2kn9rm&quot;,&quot;src&quot;:&quot;https:\\\/\\\/anchor.fm\\\/s\\\/f1a3eef8\\\/podcast\\\/play\\\/87844150\\\/https%3A%2F%2Fd3ctxlq1ktw2nl.cloudfront.net%2Fstaging%2F2024-5-10%2F380258382-44100-2-4eb08256ad518.m4a&quot;,&quot;featured&quot;:&quot;https:\\\/\\\/d3t3ozftmdmh3i.cloudfront.net\\\/production\\\/podcast_uploaded_episode\\\/40440526\\\/40440526-1718026049318-4d357650e517f.jpg&quot;,&quot;featured_id&quot;:0,&quot;mediatype&quot;:&quot;audio&quot;,&quot;season&quot;:1,&quot;categories&quot;:[],&quot;duration&quot;:&quot;01:10&quot;,&quot;episodetype&quot;:&quot;full&quot;,&quot;timestamp&quot;:1718026060,&quot;key&quot;:&quot;30f9031ba18cc8e0503b32eddc23ee63&quot;,&quot;fset&quot;:&quot;&quot;,&quot;fratio&quot;:1},&quot;ppe-210-8&quot;:{&quot;title&quot;:&quot;Caf\\u00e9 y poes\\u00eda #30: Dios cuide de ti amor m\\u00edo&quot;,&quot;description&quot;:&quot;&lt;p&gt;Que est\\u00e9s inmensamente feliz y que Dios cuide de ti.&lt;\\\/p&gt;\\n&quot;,&quot;author&quot;:&quot;Mar\\u00eda Elvira Garc\\u00eda Zuleta&quot;,&quot;date&quot;:&quot;9 de junio de 2024&quot;,&quot;link&quot;:&quot;https:\\\/\\\/podcasters.spotify.com\\\/pod\\\/show\\\/mariaelviragz\\\/episodes\\\/Caf-y-poesa-30-Dios-cuide-de-ti-amor-mo-e2km3tr&quot;,&quot;src&quot;:&quot;https:\\\/\\\/anchor.fm\\\/s\\\/f1a3eef8\\\/podcast\\\/play\\\/87805307\\\/https%3A%2F%2Fd3ctxlq1ktw2nl.cloudfront.net%2Fstaging%2F2024-5-9%2F380166461-44100-2-30c9954eb2d11.m4a&quot;,&quot;featured&quot;:&quot;https:\\\/\\\/d3t3ozftmdmh3i.cloudfront.net\\\/production\\\/podcast_uploaded_episode\\\/40440526\\\/40440526-1717938808818-16d968c298b9.jpg&quot;,&quot;featured_id&quot;:0,&quot;mediatype&quot;:&quot;audio&quot;,&quot;season&quot;:1,&quot;categories&quot;:[],&quot;duration&quot;:&quot;01:25&quot;,&quot;episodetype&quot;:&quot;full&quot;,&quot;timestamp&quot;:1717938827,&quot;key&quot;:&quot;4c14ab9ca3604d1ddee5a3e30a4da384&quot;,&quot;fset&quot;:&quot;&quot;,&quot;fratio&quot;:1},&quot;ppe-210-9&quot;:{&quot;title&quot;:&quot;Caf\\u00e9 y poes\\u00eda #29: Azul&quot;,&quot;description&quot;:&quot;&lt;p&gt;La verdadera belleza&lt;br \\\/&gt;\\nes como yo te vi a ti, azulejo.&lt;br \\\/&gt;\\nSolo te vi, como se contempla algo amado,&lt;br \\\/&gt;\\ncomo se mira la esperanza&lt;br \\\/&gt;\\ny se pinta un buen futuro.&lt;br \\\/&gt;\\nPero qu\\u00e9 desafortunado evento,&lt;br \\\/&gt;\\nllegar a tu vida cuando ya has dado&lt;br \\\/&gt;\\ntodos tus intentos y oportunidades&lt;br \\\/&gt;\\na quienes no se quedaron,&lt;br \\\/&gt;\\na quienes no vieron lo que yo vi,&lt;br \\\/&gt;\\na quienes no entendieron nada&lt;br \\\/&gt;\\nni amar\\u00edan como yo am\\u00e9 de ti las partes m\\u00e1s invisibles.&lt;br \\\/&gt;\\nNi encontraron en tus brazos un nido,&lt;br \\\/&gt;\\nni pretend\\u00edan ser hoguera en prontos d\\u00edas fr\\u00edos.&lt;br \\\/&gt;\\nQu\\u00e9 l\\u00e1stima salir perdiendo yo.&lt;br \\\/&gt;\\nQu\\u00e9 l\\u00e1stima no haber bebido mis besos,&lt;br \\\/&gt;\\npara siempre tuyos.&lt;br \\\/&gt;\\n\\u00a1Cu\\u00e1nto privilegio quien conoce a alguien que solo sea realmente suyo!&lt;br \\\/&gt;\\nMonarca azul; atardecer.&lt;\\\/p&gt;\\n&quot;,&quot;author&quot;:&quot;Mar\\u00eda Elvira Garc\\u00eda Zuleta&quot;,&quot;date&quot;:&quot;8 de junio de 2024&quot;,&quot;link&quot;:&quot;https:\\\/\\\/podcasters.spotify.com\\\/pod\\\/show\\\/mariaelviragz\\\/episodes\\\/Caf-y-poesa-29-Azul-e2kllsd&quot;,&quot;src&quot;:&quot;https:\\\/\\\/anchor.fm\\\/s\\\/f1a3eef8\\\/podcast\\\/play\\\/87790925\\\/https%3A%2F%2Fd3ctxlq1ktw2nl.cloudfront.net%2Fstaging%2F2024-5-8%2F380131963-44100-2-1cdc432918801.m4a&quot;,&quot;featured&quot;:&quot;https:\\\/\\\/d3t3ozftmdmh3i.cloudfront.net\\\/production\\\/podcast_uploaded_episode\\\/40440526\\\/40440526-1717886833898-949791b80438f.jpg&quot;,&quot;featured_id&quot;:0,&quot;mediatype&quot;:&quot;audio&quot;,&quot;season&quot;:1,&quot;categories&quot;:[],&quot;duration&quot;:&quot;01:15&quot;,&quot;episodetype&quot;:&quot;full&quot;,&quot;timestamp&quot;:1717886850,&quot;key&quot;:&quot;b6f9a056d735d951f9e7d9bcabde25dc&quot;,&quot;fset&quot;:&quot;&quot;,&quot;fratio&quot;:1},&quot;ppe-210-10&quot;:{&quot;title&quot;:&quot;Caf\\u00e9 y poes\\u00eda #28: Una mirada de amor&quot;,&quot;description&quot;:&quot;&lt;p&gt;Reg\\u00e1lame tus ojos, la mirada honesta y el profundo cielo que se encuentra en ellos. #Historias #memorias #recordadas #book (Amor bonito)&lt;\\\/p&gt;\\n&quot;,&quot;author&quot;:&quot;Mar\\u00eda Elvira Garc\\u00eda Zuleta&quot;,&quot;date&quot;:&quot;26 de mayo de 2024&quot;,&quot;link&quot;:&quot;https:\\\/\\\/podcasters.spotify.com\\\/pod\\\/show\\\/mariaelviragz\\\/episodes\\\/Caf-y-poesa-28-Una-mirada-de-amor-e2k4t2v&quot;,&quot;src&quot;:&quot;https:\\\/\\\/anchor.fm\\\/s\\\/f1a3eef8\\\/podcast\\\/play\\\/87241247\\\/https%3A%2F%2Fd3ctxlq1ktw2nl.cloudfront.net%2Fstaging%2F2024-4-26%2F378842176-44100-2-b0e0a2fefbf9.m4a&quot;,&quot;featured&quot;:&quot;https:\\\/\\\/d3t3ozftmdmh3i.cloudfront.net\\\/production\\\/podcast_uploaded_episode\\\/40440526\\\/40440526-1716765981727-f54a0c243505d.jpg&quot;,&quot;featured_id&quot;:0,&quot;mediatype&quot;:&quot;audio&quot;,&quot;season&quot;:1,&quot;categories&quot;:[],&quot;duration&quot;:&quot;01:32&quot;,&quot;episodetype&quot;:&quot;full&quot;,&quot;timestamp&quot;:1716766012,&quot;key&quot;:&quot;8c1fd7e275e665007b7365a327613392&quot;,&quot;fset&quot;:&quot;&quot;,&quot;fratio&quot;:1},&quot;load_info&quot;:{&quot;loaded&quot;:10,&quot;displayed&quot;:5,&quot;offset&quot;:0,&quot;maxItems&quot;:37,&quot;src&quot;:&quot;279c0f161b703557276c93a8d92da3ef&quot;,&quot;step&quot;:5,&quot;sortby&quot;:&quot;sort_date_desc&quot;,&quot;filterby&quot;:&quot;&quot;,&quot;fixed&quot;:&quot;&quot;,&quot;args&quot;:{&quot;imgurl&quot;:&quot;https:\\\/\\\/d3t3ozftmdmh3i.cloudfront.net\\\/production\\\/podcast_uploaded_nologo\\\/40440526\\\/40440526-1720273155387-d1fe51b0c1c57.jpg&quot;,&quot;imgset&quot;:&quot;&quot;,&quot;display&quot;:&quot;&quot;,&quot;hddesc&quot;:0,&quot;hdfeat&quot;:0,&quot;oricov&quot;:&quot;https:\\\/\\\/d3t3ozftmdmh3i.cloudfront.net\\\/production\\\/podcast_uploaded_nologo\\\/40440526\\\/40440526-1720273155387-d1fe51b0c1c57.jpg&quot;,&quot;elength&quot;:18}},&quot;rdata&quot;:{&quot;permalink&quot;:&quot;https:\\\/\\\/mariaelviragz.com\\\/wp-json\\\/wp\\\/v2\\\/pages\\\/451&quot;,&quot;fprint&quot;:&quot;279c0f161b703557276c93a8d92da3ef&quot;,&quot;from&quot;:&quot;feedurl&quot;,&quot;elen&quot;:18,&quot;eunit&quot;:&quot;&quot;,&quot;teaser&quot;:&quot;&quot;,&quot;title&quot;:&quot;Caf\\u00e9 y poes\\u00eda&quot;,&quot;autoplay&quot;:&quot;&quot;}}\"><div class=\"pp-podcast__wrapper\"><div class=\"pp-podcast__info pod-info\"><div class=\"pod-info__header pod-header\"><div class=\"pod-header__image\"><div class=\"pod-header__image-wrapper\"><img decoding=\"async\" class=\"podcast-cover-image\" src=\"https:\/\/d3t3ozftmdmh3i.cloudfront.net\/production\/podcast_uploaded_nologo\/40440526\/40440526-1720273155387-d1fe51b0c1c57.jpg\" srcset=\"\" sizes=\"(max-width: 640px) 100vw, 25vw\" alt=\"Caf\u00e9 y poes\u00eda\"><\/div><span class=\"pod-header__image-style\" style=\"display: block; width: 100%; padding-top: 100%\"><\/div><div class=\"pod-header__items pod-items\"><div class=\"pod-items__title\">Caf\u00e9 y poes\u00eda<\/div><div class=\"pod-items__desc\"><p>Quiero recordarte que no necesitas que todo est\u00e9 bien para comenzar a hacer lo que realmente quieres hacer, hazlo con amor, d\u00e9jalo ser y conf\u00eda.<\/p>\n<\/div><div class=\"pod-items__navi-menu\"><a href=\"https:\/\/open.spotify.com\/show\/3nZo9selV47iDOlZlVT8aq?si=e699caef3c82486d\" class=\"subscribe-item pp-badge spotify-sub\" target=\"_blank\"><span class=\"sub-text\"><span class=\"sub-listen-text\">Esc\u00fachalo en:<\/span><\/span><svg class=\"icon icon-pp-spotify\" aria-hidden=\"true\" role=\"img\" focusable=\"false\"><use href=\"#icon-pp-spotify\" xlink:href=\"#icon-pp-spotify\"><\/use><\/svg><span class=\"sub-text\"><span class=\"sub-item-text\">Spotify<\/span><\/span><\/a><a href=\"https:\/\/anchor.fm\/s\/f1a3eef8\/podcast\/rss\" class=\"subscribe-item pp-badge external-sub\" target=\"_blank\"><svg class=\"icon icon-pp-www\" aria-hidden=\"true\" role=\"img\" focusable=\"false\"><use href=\"#icon-pp-www\" xlink:href=\"#icon-pp-www\"><\/use><\/svg><span class=\"sub-text\"><span class=\"sub-listen-text\">Esc\u00fachalo en:<\/span><span class=\"sub-item-text\">Externo<\/span><\/span><\/a><\/div><\/div><\/div><\/div><div class=\"pp-podcast__content pod-content\"><div class=\"pp-podcast__single\"><div class=\"pp-podcast__player\"><div class=\"pp-player-episode\"><audio id=\"pp-podcast-210-player\" preload=\"none\" class=\"pp-podcast-episode\" style=\"width: 100%;\" controls=\"controls\"><source type=\"audio\/mpeg\" src=\"https:\/\/anchor.fm\/s\/f1a3eef8\/podcast\/play\/90784927\/https%3A%2F%2Fd3ctxlq1ktw2nl.cloudfront.net%2Fstaging%2F2024-7-23%2F385202180-44100-2-c55d223c1bdd7.m4a\" \/><\/audio><\/div><\/div><div class=\"pod-content__episode episode-single\"><button class=\"episode-single__close\" aria-expanded=\"false\" aria-label=\"Cerrar el episodio individual\"><span class=\"btn-icon-wrap\"><svg class=\"icon icon-pp-x\" aria-hidden=\"true\" role=\"img\" focusable=\"false\"><use href=\"#icon-pp-x\" xlink:href=\"#icon-pp-x\"><\/use><\/svg><\/span><\/button><div class=\"episode-single__wrapper\"><div class=\"episode-single__header\"><div class=\"episode-single__title\">Caf\u00e9 y poes\u00eda #37: \u00bfqu\u00e9 es la esperanza?<\/div><div class=\"episode-single__author\"><span class=\"byname\">por<\/span><span class=\"single-author\">Mar\u00eda Elvira Garc\u00eda Zuleta<\/span><\/div><\/div><div class=\"episode-single__description\"><p>Sea lo que sea la esperanza se parece mucho al amor.<\/p><\/div><\/div><div class=\"ppjs__img-wrapper \"><div class=\"ppjs__img-btn-cover\"><img decoding=\"async\" class=\"ppjs__img-btn\" src=\"https:\/\/d3t3ozftmdmh3i.cloudfront.net\/production\/podcast_uploaded_nologo\/40440526\/40440526-1720273155387-d1fe51b0c1c57.jpg\" srcset=\"\" sizes=\"(max-width: 640px) 100vw, 300px\" alt=\"Caf\u00e9 y poes\u00eda #37: \u00bfqu\u00e9 es la esperanza?\"><\/div><div><span class=\"ppjs__img-btn-style\" style=\"display: block; width: 100%; padding-top: 100%\"><\/div><\/div><\/div><\/div><div class=\"pod-content__list episode-list\"><div class=\"episode-list__filters\"><div class=\"episode-list__search\"><label class=\"label-episode-search\"><span class=\"ppjs__offscreen\">Buscar episodios<\/span><input type=\"text\" placeholder=\"Buscar episodios\" title=\"Buscar episodios de p\u00f3dcast\"\/><\/label><span class=\"episode-list__search-icon\"><svg class=\"icon icon-pp-search\" aria-hidden=\"true\" role=\"img\" focusable=\"false\"><use href=\"#icon-pp-search\" xlink:href=\"#icon-pp-search\"><\/use><\/svg><\/span><\/div><button class=\"episode-list__clear-search pod-button\"><svg class=\"icon icon-pp-x\" aria-hidden=\"true\" role=\"img\" focusable=\"false\"><use href=\"#icon-pp-x\" xlink:href=\"#icon-pp-x\"><\/use><\/svg><span class=\"ppjs__offscreen\">Vaciar la b\u00fasqueda<\/span><\/button><\/div><div class=\"episode-list__wrapper\">\n<div id=\"ppe-210-1\" class=\"episode-list__entry pod-entry\" data-search-term=\"caf\u00e9 y poes\u00eda #37: \u00bfqu\u00e9 es la esperanza?\" data-cats=\"s-1\">\n\t<div class=\"pod-entry__wrapper\">\n\t\t<div class=\"pod-entry__content\">\n\t\t\t<div class=\"pod-entry__title\">\n\t\t\t\t<a href=\"https:\/\/podcasters.spotify.com\/pod\/show\/mariaelviragz\/episodes\/Caf-y-poesa-37-qu-es-la-esperanza-e2nh1mv\">Caf\u00e9 y poes\u00eda #37: \u00bfqu\u00e9 es la esperanza?<\/a>\n\t\t\t<\/div>\n\t\t\t<div class=\"pod-entry__date\">23 de agosto de 2024<\/div>\n\t\t\t\t\t\t\t<div class=\"pod-entry__author\">Mar\u00eda Elvira Garc\u00eda Zuleta<\/div>\n\t\t\t\t\t<\/div>\n\t<\/div>\n<\/div>\n\n<div id=\"ppe-210-2\" class=\"episode-list__entry pod-entry\" data-search-term=\"caf\u00e9 y poes\u00eda #36: un d\u00eda ya no estamos\" data-cats=\"s-1\">\n\t<div class=\"pod-entry__wrapper\">\n\t\t<div class=\"pod-entry__content\">\n\t\t\t<div class=\"pod-entry__title\">\n\t\t\t\t<a href=\"https:\/\/podcasters.spotify.com\/pod\/show\/mariaelviragz\/episodes\/Caf-y-poesa-36-Un-da-ya-no-estamos-e2mqce5\">Caf\u00e9 y poes\u00eda #36: Un d\u00eda ya no estamos<\/a>\n\t\t\t<\/div>\n\t\t\t<div class=\"pod-entry__date\">4 de agosto de 2024<\/div>\n\t\t\t\t\t\t\t<div class=\"pod-entry__author\">Mar\u00eda Elvira Garc\u00eda Zuleta<\/div>\n\t\t\t\t\t<\/div>\n\t<\/div>\n<\/div>\n\n<div id=\"ppe-210-3\" class=\"episode-list__entry pod-entry\" data-search-term=\"caf\u00e9 y poes\u00eda #35: me dorm\u00ed un momento\" data-cats=\"s-1\">\n\t<div class=\"pod-entry__wrapper\">\n\t\t<div class=\"pod-entry__content\">\n\t\t\t<div class=\"pod-entry__title\">\n\t\t\t\t<a href=\"https:\/\/podcasters.spotify.com\/pod\/show\/mariaelviragz\/episodes\/Caf-y-poesa-35-Me-dorm-un-momento-e2mq75i\">Caf\u00e9 y poes\u00eda #35: Me dorm\u00ed un momento<\/a>\n\t\t\t<\/div>\n\t\t\t<div class=\"pod-entry__date\">4 de agosto de 2024<\/div>\n\t\t\t\t\t\t\t<div class=\"pod-entry__author\">Mar\u00eda Elvira Garc\u00eda Zuleta<\/div>\n\t\t\t\t\t<\/div>\n\t<\/div>\n<\/div>\n\n<div id=\"ppe-210-4\" class=\"episode-list__entry pod-entry\" data-search-term=\"caf\u00e9 y poes\u00eda # 34: tu juego me alej\u00f3\" data-cats=\"s-1\">\n\t<div class=\"pod-entry__wrapper\">\n\t\t<div class=\"pod-entry__content\">\n\t\t\t<div class=\"pod-entry__title\">\n\t\t\t\t<a href=\"https:\/\/podcasters.spotify.com\/pod\/show\/mariaelviragz\/episodes\/Caf-y-poesa--34-Tu-juego-me-alej-e2lmvor\">Caf\u00e9 y poes\u00eda # 34: Tu juego me alej\u00f3<\/a>\n\t\t\t<\/div>\n\t\t\t<div class=\"pod-entry__date\">5 de julio de 2024<\/div>\n\t\t\t\t\t\t\t<div class=\"pod-entry__author\">Mar\u00eda Elvira Garc\u00eda Zuleta<\/div>\n\t\t\t\t\t<\/div>\n\t<\/div>\n<\/div>\n\n<div id=\"ppe-210-5\" class=\"episode-list__entry pod-entry\" data-search-term=\"caf\u00e9 y poes\u00eda #33. ausente\" data-cats=\"s-1\">\n\t<div class=\"pod-entry__wrapper\">\n\t\t<div class=\"pod-entry__content\">\n\t\t\t<div class=\"pod-entry__title\">\n\t\t\t\t<a href=\"https:\/\/podcasters.spotify.com\/pod\/show\/mariaelviragz\/episodes\/Caf-y-poesa-33--Ausente-e2lamob\">Caf\u00e9 y poes\u00eda #33. Ausente<\/a>\n\t\t\t<\/div>\n\t\t\t<div class=\"pod-entry__date\">26 de junio de 2024<\/div>\n\t\t\t\t\t\t\t<div class=\"pod-entry__author\">Mar\u00eda Elvira Garc\u00eda Zuleta<\/div>\n\t\t\t\t\t<\/div>\n\t<\/div>\n<\/div>\n<div class=\"lm-button-wrapper\"><button class=\"episode-list__load-more\"><span>Cargar m\u00e1s<\/span><\/button><\/div><div class=\"episode-list__search-results episode-search\"><span class=\"ppjs__offscreen\">Marcador de posici\u00f3n de resultados de b\u00fasqueda<\/span><\/div><\/div><\/div><div class=\"ppjs__list-reveal\"><div class=\"ppjs__button\"><button class=\"pp-prev-btn\"><span class=\"ppjs__offscreen\">Episodio anterior<\/span><span class=\"btn-icon-wrap\"><svg class=\"icon icon-pp-previous\" aria-hidden=\"true\" role=\"img\" focusable=\"false\"><use href=\"#icon-pp-previous\" xlink:href=\"#icon-pp-previous\"><\/use><\/svg><\/span><\/button><\/div><div class=\"ppjs__button\"><button class=\"pp-list-btn\"><span class=\"ppjs__offscreen\">Mostrar la lista de episodios<\/span><span class=\"btn-icon-wrap\"><svg class=\"icon icon-pp-show-list\" aria-hidden=\"true\" role=\"img\" focusable=\"false\"><use href=\"#icon-pp-show-list\" xlink:href=\"#icon-pp-show-list\"><\/use><\/svg><svg class=\"icon icon-pp-hide-list\" aria-hidden=\"true\" role=\"img\" focusable=\"false\"><use href=\"#icon-pp-hide-list\" xlink:href=\"#icon-pp-hide-list\"><\/use><\/svg><\/span><\/button><\/div><div class=\"ppjs__button\"><button class=\"pp-next-btn\"><span class=\"ppjs__offscreen\">Siguiente episodio<\/span><span class=\"btn-icon-wrap\"><svg class=\"icon icon-pp-next\" aria-hidden=\"true\" role=\"img\" focusable=\"false\"><use href=\"#icon-pp-next\" xlink:href=\"#icon-pp-next\"><\/use><\/svg><\/span><\/button><\/div><\/div><\/div><\/div><div class=\"pod-content__launcher pod-launch\"><button class=\"pod-launch__button pod-launch__info pod-button\" aria-expanded=\"false\"><span class=\"ppjs__offscreen\">Mostrar la informaci\u00f3n del p\u00f3dcast<\/span><span class=\"btn-icon-wrap\"><svg class=\"icon icon-pp-podcast\" aria-hidden=\"true\" role=\"img\" focusable=\"false\"><use href=\"#icon-pp-podcast\" xlink:href=\"#icon-pp-podcast\"><\/use><\/svg><svg class=\"icon icon-pp-x\" aria-hidden=\"true\" role=\"img\" focusable=\"false\"><use href=\"#icon-pp-x\" xlink:href=\"#icon-pp-x\"><\/use><\/svg><\/span><\/button><\/div><\/div><\/div>\n<\/div>\n<\/section>\t\t\t\t<\/div>\n\t\t\t\t<\/div>\n\t\t\t\t\t<\/div>\n\t\t\t\t<\/div>\n\t\t\t\t<\/div>\n\t\t","protected":false},"excerpt":{"rendered":"<p>Podcast Mar\u00eda Elvira Garc\u00eda Zuleta<\/p>\n","protected":false},"author":2,"featured_media":0,"parent":0,"menu_order":0,"comment_status":"closed","ping_status":"closed","template":"elementor_header_footer","meta":{"footnotes":""},"class_list":["post-451","page","type-page","status-publish","hentry","entry"],"yoast_head":"<!-- This site is optimized with the Yoast SEO plugin v27.2 - https:\/\/yoast.com\/product\/yoast-seo-wordpress\/ -->\n<title>Mis Podcast - Maria Elvira<\/title>\n<meta name=\"description\" content=\"La verdadera riqueza de este libro es su capacidad para resonar m\u00e1s all\u00e1 de las palabras escritas, al leerlo llevas contigo la idea de que estas historias no son solo recuerdos, sino catalizadores de pensamientos continuos.\" \/>\n<meta name=\"robots\" content=\"index, follow, max-snippet:-1, max-image-preview:large, max-video-preview:-1\" \/>\n<link rel=\"canonical\" href=\"https:\/\/mariaelviragz.com\/index.php\/podcast\/\" \/>\n<meta property=\"og:locale\" content=\"es_ES\" \/>\n<meta property=\"og:type\" content=\"article\" \/>\n<meta property=\"og:title\" content=\"Podcast | Mar\u00eda Elvira\" \/>\n<meta property=\"og:description\" content=\"Dosis de fortaleza y amor en audios: Quiero recordarte que no necesitas que todo est\u00e9 bien para comenzar a hacer lo que realmente quieres hacer, hazlo con amor, d\u00e9jalo ser y conf\u00eda.\" \/>\n<meta property=\"og:url\" content=\"https:\/\/mariaelviragz.com\/index.php\/podcast\/\" \/>\n<meta property=\"og:site_name\" content=\"Maria Elvira\" \/>\n<meta property=\"article:modified_time\" content=\"2024-02-14T01:24:04+00:00\" \/>\n<meta property=\"og:image\" content=\"https:\/\/mariaelviragz.com\/wp-content\/uploads\/2023\/12\/photo_4924784934284012580_y-1.jpg\" \/>\n\t<meta property=\"og:image:width\" content=\"945\" \/>\n\t<meta property=\"og:image:height\" content=\"1280\" \/>\n\t<meta property=\"og:image:type\" content=\"image\/jpeg\" \/>\n<meta name=\"twitter:card\" content=\"summary_large_image\" \/>\n<meta name=\"twitter:title\" content=\"Podcast | Mar\u00eda Elvira\" \/>\n<meta name=\"twitter:description\" content=\"Dosis de fortaleza y amor en audios: Quiero recordarte que no necesitas que todo est\u00e9 bien para comenzar a hacer lo que realmente quieres hacer, hazlo con amor, d\u00e9jalo ser y conf\u00eda.\" \/>\n<meta name=\"twitter:image\" content=\"https:\/\/mariaelviragz.com\/wp-content\/uploads\/2023\/12\/photo_4924784934284012580_y-1.jpg\" \/>\n<meta name=\"twitter:label1\" content=\"Tiempo de lectura\" \/>\n\t<meta name=\"twitter:data1\" content=\"5 minutos\" \/>\n<script type=\"application\/ld+json\" class=\"yoast-schema-graph\">{\"@context\":\"https:\/\/schema.org\",\"@graph\":[{\"@type\":\"WebPage\",\"@id\":\"https:\/\/mariaelviragz.com\/index.php\/podcast\/\",\"url\":\"https:\/\/mariaelviragz.com\/index.php\/podcast\/\",\"name\":\"Mis Podcast - Maria Elvira\",\"isPartOf\":{\"@id\":\"https:\/\/mariaelviragz.com\/#website\"},\"datePublished\":\"2024-02-03T16:51:41+00:00\",\"dateModified\":\"2024-02-14T01:24:04+00:00\",\"description\":\"La verdadera riqueza de este libro es su capacidad para resonar m\u00e1s all\u00e1 de las palabras escritas, al leerlo llevas contigo la idea de que estas historias no son solo recuerdos, sino catalizadores de pensamientos continuos.\",\"breadcrumb\":{\"@id\":\"https:\/\/mariaelviragz.com\/index.php\/podcast\/#breadcrumb\"},\"inLanguage\":\"es\",\"potentialAction\":[{\"@type\":\"ReadAction\",\"target\":[\"https:\/\/mariaelviragz.com\/index.php\/podcast\/\"]}]},{\"@type\":\"BreadcrumbList\",\"@id\":\"https:\/\/mariaelviragz.com\/index.php\/podcast\/#breadcrumb\",\"itemListElement\":[{\"@type\":\"ListItem\",\"position\":1,\"name\":\"Portada\",\"item\":\"https:\/\/mariaelviragz.com\/\"},{\"@type\":\"ListItem\",\"position\":2,\"name\":\"Mis Podcast\"}]},{\"@type\":\"WebSite\",\"@id\":\"https:\/\/mariaelviragz.com\/#website\",\"url\":\"https:\/\/mariaelviragz.com\/\",\"name\":\"Maria Elvira\",\"description\":\"Escritora\",\"publisher\":{\"@id\":\"https:\/\/mariaelviragz.com\/#organization\"},\"potentialAction\":[{\"@type\":\"SearchAction\",\"target\":{\"@type\":\"EntryPoint\",\"urlTemplate\":\"https:\/\/mariaelviragz.com\/?s={search_term_string}\"},\"query-input\":{\"@type\":\"PropertyValueSpecification\",\"valueRequired\":true,\"valueName\":\"search_term_string\"}}],\"inLanguage\":\"es\"},{\"@type\":\"Organization\",\"@id\":\"https:\/\/mariaelviragz.com\/#organization\",\"name\":\"Maria Elvira\",\"url\":\"https:\/\/mariaelviragz.com\/\",\"logo\":{\"@type\":\"ImageObject\",\"inLanguage\":\"es\",\"@id\":\"https:\/\/mariaelviragz.com\/#\/schema\/logo\/image\/\",\"url\":\"https:\/\/mariaelviragz.com\/wp-content\/uploads\/2024\/02\/cropped-maria-elvira-3.png\",\"contentUrl\":\"https:\/\/mariaelviragz.com\/wp-content\/uploads\/2024\/02\/cropped-maria-elvira-3.png\",\"width\":642,\"height\":102,\"caption\":\"Maria Elvira\"},\"image\":{\"@id\":\"https:\/\/mariaelviragz.com\/#\/schema\/logo\/image\/\"}}]}<\/script>\n<!-- \/ Yoast SEO plugin. -->","yoast_head_json":{"title":"Mis Podcast - Maria Elvira","description":"La verdadera riqueza de este libro es su capacidad para resonar m\u00e1s all\u00e1 de las palabras escritas, al leerlo llevas contigo la idea de que estas historias no son solo recuerdos, sino catalizadores de pensamientos continuos.","robots":{"index":"index","follow":"follow","max-snippet":"max-snippet:-1","max-image-preview":"max-image-preview:large","max-video-preview":"max-video-preview:-1"},"canonical":"https:\/\/mariaelviragz.com\/index.php\/podcast\/","og_locale":"es_ES","og_type":"article","og_title":"Podcast | Mar\u00eda Elvira","og_description":"Dosis de fortaleza y amor en audios: Quiero recordarte que no necesitas que todo est\u00e9 bien para comenzar a hacer lo que realmente quieres hacer, hazlo con amor, d\u00e9jalo ser y conf\u00eda.","og_url":"https:\/\/mariaelviragz.com\/index.php\/podcast\/","og_site_name":"Maria Elvira","article_modified_time":"2024-02-14T01:24:04+00:00","og_image":[{"width":945,"height":1280,"url":"https:\/\/mariaelviragz.com\/wp-content\/uploads\/2023\/12\/photo_4924784934284012580_y-1.jpg","type":"image\/jpeg"}],"twitter_card":"summary_large_image","twitter_title":"Podcast | Mar\u00eda Elvira","twitter_description":"Dosis de fortaleza y amor en audios: Quiero recordarte que no necesitas que todo est\u00e9 bien para comenzar a hacer lo que realmente quieres hacer, hazlo con amor, d\u00e9jalo ser y conf\u00eda.","twitter_image":"https:\/\/mariaelviragz.com\/wp-content\/uploads\/2023\/12\/photo_4924784934284012580_y-1.jpg","twitter_misc":{"Tiempo de lectura":"5 minutos"},"schema":{"@context":"https:\/\/schema.org","@graph":[{"@type":"WebPage","@id":"https:\/\/mariaelviragz.com\/index.php\/podcast\/","url":"https:\/\/mariaelviragz.com\/index.php\/podcast\/","name":"Mis Podcast - Maria Elvira","isPartOf":{"@id":"https:\/\/mariaelviragz.com\/#website"},"datePublished":"2024-02-03T16:51:41+00:00","dateModified":"2024-02-14T01:24:04+00:00","description":"La verdadera riqueza de este libro es su capacidad para resonar m\u00e1s all\u00e1 de las palabras escritas, al leerlo llevas contigo la idea de que estas historias no son solo recuerdos, sino catalizadores de pensamientos continuos.","breadcrumb":{"@id":"https:\/\/mariaelviragz.com\/index.php\/podcast\/#breadcrumb"},"inLanguage":"es","potentialAction":[{"@type":"ReadAction","target":["https:\/\/mariaelviragz.com\/index.php\/podcast\/"]}]},{"@type":"BreadcrumbList","@id":"https:\/\/mariaelviragz.com\/index.php\/podcast\/#breadcrumb","itemListElement":[{"@type":"ListItem","position":1,"name":"Portada","item":"https:\/\/mariaelviragz.com\/"},{"@type":"ListItem","position":2,"name":"Mis Podcast"}]},{"@type":"WebSite","@id":"https:\/\/mariaelviragz.com\/#website","url":"https:\/\/mariaelviragz.com\/","name":"Maria Elvira","description":"Escritora","publisher":{"@id":"https:\/\/mariaelviragz.com\/#organization"},"potentialAction":[{"@type":"SearchAction","target":{"@type":"EntryPoint","urlTemplate":"https:\/\/mariaelviragz.com\/?s={search_term_string}"},"query-input":{"@type":"PropertyValueSpecification","valueRequired":true,"valueName":"search_term_string"}}],"inLanguage":"es"},{"@type":"Organization","@id":"https:\/\/mariaelviragz.com\/#organization","name":"Maria Elvira","url":"https:\/\/mariaelviragz.com\/","logo":{"@type":"ImageObject","inLanguage":"es","@id":"https:\/\/mariaelviragz.com\/#\/schema\/logo\/image\/","url":"https:\/\/mariaelviragz.com\/wp-content\/uploads\/2024\/02\/cropped-maria-elvira-3.png","contentUrl":"https:\/\/mariaelviragz.com\/wp-content\/uploads\/2024\/02\/cropped-maria-elvira-3.png","width":642,"height":102,"caption":"Maria Elvira"},"image":{"@id":"https:\/\/mariaelviragz.com\/#\/schema\/logo\/image\/"}}]}},"jetpack_sharing_enabled":true,"_links":{"self":[{"href":"https:\/\/mariaelviragz.com\/index.php\/wp-json\/wp\/v2\/pages\/451","targetHints":{"allow":["GET"]}}],"collection":[{"href":"https:\/\/mariaelviragz.com\/index.php\/wp-json\/wp\/v2\/pages"}],"about":[{"href":"https:\/\/mariaelviragz.com\/index.php\/wp-json\/wp\/v2\/types\/page"}],"author":[{"embeddable":true,"href":"https:\/\/mariaelviragz.com\/index.php\/wp-json\/wp\/v2\/users\/2"}],"replies":[{"embeddable":true,"href":"https:\/\/mariaelviragz.com\/index.php\/wp-json\/wp\/v2\/comments?post=451"}],"version-history":[{"count":17,"href":"https:\/\/mariaelviragz.com\/index.php\/wp-json\/wp\/v2\/pages\/451\/revisions"}],"predecessor-version":[{"id":1020,"href":"https:\/\/mariaelviragz.com\/index.php\/wp-json\/wp\/v2\/pages\/451\/revisions\/1020"}],"wp:attachment":[{"href":"https:\/\/mariaelviragz.com\/index.php\/wp-json\/wp\/v2\/media?parent=451"}],"curies":[{"name":"wp","href":"https:\/\/api.w.org\/{rel}","templated":true}]}}